{"id":12372,"date":"2020-10-22T12:58:12","date_gmt":"2020-10-22T12:58:12","guid":{"rendered":"https:\/\/orchestrale.com\/spirit-of-the-collection\/"},"modified":"2026-03-15T17:52:51","modified_gmt":"2026-03-15T16:52:51","slug":"spirito-della-collezione","status":"publish","type":"page","link":"https:\/\/orchestrale.com\/it\/spirito-della-collezione\/","title":{"rendered":"Spirito della Collezione"},"content":{"rendered":"<p>[et_pb_section fb_built=&#8221;1&#8243; custom_padding_last_edited=&#8221;on|phone&#8221; _builder_version=&#8221;4.16&#8243; _module_preset=&#8221;default&#8221; background_image=&#8221;https:\/\/orchestrale.com\/wp-content\/uploads\/2021\/06\/Foto-Luigi-Lupi-x-Pagina-Spirit-of-the-Collection.jpeg&#8221; background_enable_video_mp4=&#8221;off&#8221; min_height=&#8221;60vh&#8221; min_height_tablet=&#8221;&#8221; min_height_phone=&#8221;auto&#8221; min_height_last_edited=&#8221;on|phone&#8221; custom_padding_tablet=&#8221;&#8221; custom_padding_phone=&#8221;||20px||false|false&#8221; da_disable_devices=&#8221;off|off|off&#8221; global_colors_info=&#8221;{}&#8221; da_is_popup=&#8221;off&#8221; da_exit_intent=&#8221;off&#8221; da_has_close=&#8221;on&#8221; da_alt_close=&#8221;off&#8221; da_dark_close=&#8221;off&#8221; da_not_modal=&#8221;on&#8221; da_is_singular=&#8221;off&#8221; da_with_loader=&#8221;off&#8221; da_has_shadow=&#8221;on&#8221;][et_pb_row _builder_version=&#8221;4.16&#8243; _module_preset=&#8221;default&#8221; custom_margin=&#8221;30vh||||false|false&#8221; custom_margin_tablet=&#8221;&#8221; custom_margin_phone=&#8221;20vh||0px||false|false&#8221; custom_margin_last_edited=&#8221;on|phone&#8221; custom_padding=&#8221;||0px||false|false&#8221; global_colors_info=&#8221;{}&#8221;][et_pb_column type=&#8221;4_4&#8243; _builder_version=&#8221;4.16&#8243; _module_preset=&#8221;default&#8221; global_colors_info=&#8221;{}&#8221;][et_pb_text _builder_version=&#8221;4.17.6&#8243; _module_preset=&#8221;default&#8221; animation_style=&#8221;slide&#8221; animation_direction=&#8221;bottom&#8221; animation_duration=&#8221;700ms&#8221; animation_intensity_slide=&#8221;6%&#8221; animation_starting_opacity=&#8221;14%&#8221; animation_speed_curve=&#8221;linear&#8221; header_font_size_tablet=&#8221;&#8221; header_font_size_phone=&#8221;35px&#8221; header_font_size_last_edited=&#8221;on|phone&#8221; header_text_shadow_style=&#8221;preset3&#8243; global_colors_info=&#8221;{}&#8221;]<\/p>\n<h1>Spirito della Collezione<\/h1>\n<p>[\/et_pb_text][\/et_pb_column][\/et_pb_row][\/et_pb_section][et_pb_section fb_built=&#8221;1&#8243; _builder_version=&#8221;4.16&#8243; _module_preset=&#8221;default&#8221; custom_margin=&#8221;||0px||false|false&#8221; custom_padding=&#8221;0px||0px|||&#8221; da_disable_devices=&#8221;off|off|off&#8221; global_colors_info=&#8221;{}&#8221; da_is_popup=&#8221;off&#8221; da_exit_intent=&#8221;off&#8221; da_has_close=&#8221;on&#8221; da_alt_close=&#8221;off&#8221; da_dark_close=&#8221;off&#8221; da_not_modal=&#8221;on&#8221; da_is_singular=&#8221;off&#8221; da_with_loader=&#8221;off&#8221; da_has_shadow=&#8221;on&#8221;][et_pb_row column_structure=&#8221;1_2,1_2&#8243; custom_padding_last_edited=&#8221;on|phone&#8221; _builder_version=&#8221;4.19.4&#8243; _module_preset=&#8221;default&#8221; custom_margin=&#8221;50px|auto|-15px|auto|false|false&#8221; custom_margin_tablet=&#8221;50px|auto|-15px|auto|false|false&#8221; custom_margin_phone=&#8221;0px|auto|-15px|auto|false|false&#8221; custom_margin_last_edited=&#8221;on|phone&#8221; custom_padding=&#8221;50px||0px|||&#8221; custom_padding_tablet=&#8221;50px||0px|||&#8221; custom_padding_phone=&#8221;0px||||false|false&#8221; global_colors_info=&#8221;{}&#8221;][et_pb_column type=&#8221;1_2&#8243; _builder_version=&#8221;4.16&#8243; _module_preset=&#8221;default&#8221; custom_padding=&#8221;0px||||false|false&#8221; global_colors_info=&#8221;{}&#8221;][et_pb_image src=&#8221;https:\/\/orchestrale.com\/wp-content\/uploads\/2021\/04\/Marco-breda.jpg&#8221; align=&#8221;center&#8221; disabled_on=&#8221;on|off|off&#8221; _builder_version=&#8221;4.27.5&#8243; _module_preset=&#8221;default&#8221; max_width=&#8221;580px&#8221; max_width_tablet=&#8221;100%&#8221; max_width_phone=&#8221;&#8221; max_width_last_edited=&#8221;on|phone&#8221; module_alignment=&#8221;left&#8221; custom_margin=&#8221;||0px||false|false&#8221; hover_enabled=&#8221;0&#8243; global_colors_info=&#8221;{}&#8221; alt=&#8221;Marco-breda&#8221; sticky_enabled=&#8221;0&#8243;][\/et_pb_image][\/et_pb_column][et_pb_column type=&#8221;1_2&#8243; _builder_version=&#8221;4.16&#8243; _module_preset=&#8221;default&#8221; global_colors_info=&#8221;{}&#8221;][et_pb_text _builder_version=&#8221;4.17.6&#8243; _module_preset=&#8221;32620f1a-6ea7-4ad6-9f20-647d378b7c4b&#8221; text_font=&#8221;|700|||||||&#8221; text_text_color=&#8221;#533424&#8243; text_font_size=&#8221;50px&#8221; width=&#8221;100%&#8221; custom_margin=&#8221;10px||||false|false&#8221; global_colors_info=&#8221;{}&#8221;]<\/p>\n<p><span style=\"color: #492c00;\">Cari<\/span> <span style=\"color: #d0b19f;\">Amici<\/span><span style=\"color: #492c00;\">,<\/span><\/p>\n<p>[\/et_pb_text][et_pb_text disabled_on=&#8221;on|off|off&#8221; _builder_version=&#8221;4.19.4&#8243; _module_preset=&#8221;32620f1a-6ea7-4ad6-9f20-647d378b7c4b&#8221; width=&#8221;100%&#8221; max_width=&#8221;550px&#8221; custom_margin=&#8221;-14px||||false|false&#8221; global_colors_info=&#8221;{}&#8221;]<\/p>\n<p>vorrei dedicaste un minuto per leggere il significato e lo spirito di Orchestrale.<\/p>\n<p>Quando stavo pensando al design, alle caratteristiche e al marchio delle nostre macchine per l&#8217;espresso, ero sicuro che sarebbero state dedicate alla musica.<\/p>\n<p>Ho sempre amato la musica fin da quando da bambino suonavo il pianoforte e la chitarra cos\u00ec ho dedicato il marchio e le nostre macchine alla <strong>MUSICA RITENENDOLA UN LUOGO E UN MOMENTO DI CONNESSIONE COME IL CAFF\u00c8 ESPRESSO<\/strong> sta divenendo in tutto il Mondo.<\/p>\n<p>Questa \u00e8 una delle ragioni per cui mi sono innamorato del Mondo del caff\u00e8!<\/p>\n<p>[\/et_pb_text][et_pb_text disabled_on=&#8221;off|on|on&#8221; _builder_version=&#8221;4.19.4&#8243; _module_preset=&#8221;32620f1a-6ea7-4ad6-9f20-647d378b7c4b&#8221; width=&#8221;100%&#8221; max_width=&#8221;550px&#8221; custom_margin=&#8221;-14px||||false|false&#8221; global_colors_info=&#8221;{}&#8221;]<\/p>\n<p>vorrei dedicaste un minuto per leggere il significato e lo spirito di Orchestrale.<\/p>\n<p>[\/et_pb_text][et_pb_image src=&#8221;https:\/\/orchestrale.com\/wp-content\/uploads\/2021\/04\/Marco-breda.jpg&#8221; align=&#8221;center&#8221; disabled_on=&#8221;off|on|on&#8221; _builder_version=&#8221;4.27.5&#8243; _module_preset=&#8221;default&#8221; max_width=&#8221;580px&#8221; max_width_tablet=&#8221;100%&#8221; max_width_phone=&#8221;&#8221; max_width_last_edited=&#8221;on|phone&#8221; module_alignment=&#8221;left&#8221; custom_margin=&#8221;||0px||false|false&#8221; hover_enabled=&#8221;0&#8243; global_colors_info=&#8221;{}&#8221; alt=&#8221;Marco-breda&#8221; sticky_enabled=&#8221;0&#8243;][\/et_pb_image][et_pb_text disabled_on=&#8221;off|on|on&#8221; _builder_version=&#8221;4.19.4&#8243; _module_preset=&#8221;32620f1a-6ea7-4ad6-9f20-647d378b7c4b&#8221; width=&#8221;100%&#8221; max_width=&#8221;550px&#8221; custom_margin=&#8221;25px||||false|false&#8221; global_colors_info=&#8221;{}&#8221;]<\/p>\n<p>Quando stavo pensando al design, alle caratteristiche e al marchio delle nostre macchine per l&#8217;espresso, ero sicuro che sarebbero state dedicate alla musica.<\/p>\n<p>Ho sempre amato la musica fin da quando da bambino suonavo il pianoforte e la chitarra cos\u00ec ho dedicato il marchio e le nostre macchine alla <strong>MUSICA RITENENDOLA UN LUOGO E UN MOMENTO DI CONNESSIONE COME IL CAFF\u00c8 ESPRESSO<\/strong> sta divenendo in tutto il Mondo.<\/p>\n<p>Questa \u00e8 una delle ragioni per cui mi sono innamorato del Mondo del caff\u00e8!<\/p>\n<p>[\/et_pb_text][\/et_pb_column][\/et_pb_row][et_pb_row column_structure=&#8221;1_2,1_2&#8243; _builder_version=&#8221;4.16&#8243; _module_preset=&#8221;default&#8221; custom_margin=&#8221;50px|auto||auto|false|false&#8221; custom_margin_tablet=&#8221;&#8221; custom_margin_phone=&#8221;0px||20px||false|false&#8221; custom_margin_last_edited=&#8221;on|phone&#8221; custom_padding=&#8221;||0px|||&#8221; global_colors_info=&#8221;{}&#8221;][et_pb_column type=&#8221;1_2&#8243; _builder_version=&#8221;4.16&#8243; _module_preset=&#8221;default&#8221; global_colors_info=&#8221;{}&#8221;][et_pb_image src=&#8221;https:\/\/orchestrale.com\/wp-content\/uploads\/2021\/01\/sketch-orchestrale-coffee-machines.jpg&#8221; disabled_on=&#8221;off|off|on&#8221; _builder_version=&#8221;4.27.5&#8243; _module_preset=&#8221;default&#8221; max_width=&#8221;100%&#8221; module_alignment=&#8221;center&#8221; custom_margin=&#8221;50px||35px||false|false&#8221; custom_margin_tablet=&#8221;&#8221; custom_margin_phone=&#8221;50px||0px||false|false&#8221; custom_margin_last_edited=&#8221;on|phone&#8221; hover_enabled=&#8221;0&#8243; global_colors_info=&#8221;{}&#8221; alt=&#8221;sketch&#8221; sticky_enabled=&#8221;0&#8243;][\/et_pb_image][et_pb_text _builder_version=&#8221;4.27.4&#8243; _module_preset=&#8221;32620f1a-6ea7-4ad6-9f20-647d378b7c4b&#8221; width=&#8221;100%&#8221; max_width=&#8221;550px&#8221; custom_margin=&#8221;||||false|false&#8221; custom_padding=&#8221;55px|0px||0px|false|true&#8221; global_colors_info=&#8221;{}&#8221;]<\/p>\n<p>Anche se il marchio e il design vengono da me\u2026 prima che un imprenditore creativo, mi considero una persona con una grande passione per ogni forma d&#8217;espressione: canto, musica, pittura, scrittura, talento umano, tecnica fino alla ricerca scientifica!<\/p>\n<p>Quindi ho scritto una poesia definendola lo &#8220;Spirito della Collezione&#8221; ispirata dallo storico e indivisibile legame tra le grandi culture del caff\u00e8 e della musica nella tradizione Italiana e nel resto del Mondo; la poesia vuole essere un omaggio alla musica ma con una speciale dedica ad ogni utilizzatore di macchine per l&#8217;espresso che ho raffigurato nel logo Orchestrale come un maestro d&#8217;orchestra, con i chicchi di caff\u00e8 visti come note sulle 5 linee del pentagramma che a loro volta rappresentano la sinfonia (miscela) da lui scelta!<\/p>\n<p>Inoltre &#8220;Strumenti per l&#8217;Espresso&#8221; \u00e8 un gioco di parole che sta a significare il nostro desiderio di vedere ogni Barista destreggiarsi con le nostre macchine per l&#8217;espresso come un Maestro con la sua Orchestra di strumenti musicali!<\/p>\n<p>Spero amerete il logo Orchestrale perch\u00e9 la passione con la quale l&#8217;ho creato \u00e8 la stessa con la quale realizziamo le nostre macchine.<\/p>\n<p style=\"text-align: right;\">Marco Breda<\/p>\n<p>[\/et_pb_text][\/et_pb_column][et_pb_column type=&#8221;1_2&#8243; _builder_version=&#8221;4.16&#8243; _module_preset=&#8221;default&#8221; global_colors_info=&#8221;{}&#8221;][et_pb_image src=&#8221;https:\/\/orchestrale.com\/wp-content\/uploads\/2021\/01\/sketch-orchestrale-coffee-machines.jpg&#8221; disabled_on=&#8221;on|on|off&#8221; _builder_version=&#8221;4.27.5&#8243; _module_preset=&#8221;default&#8221; max_width=&#8221;580px&#8221; module_alignment=&#8221;center&#8221; custom_margin=&#8221;50px||35px||false|false&#8221; custom_margin_tablet=&#8221;&#8221; custom_margin_phone=&#8221;0px||0px||false|false&#8221; custom_margin_last_edited=&#8221;on|phone&#8221; hover_enabled=&#8221;0&#8243; global_colors_info=&#8221;{}&#8221; alt=&#8221;sketch&#8221; sticky_enabled=&#8221;0&#8243;][\/et_pb_image][\/et_pb_column][\/et_pb_row][\/et_pb_section][et_pb_section fb_built=&#8221;1&#8243; disabled_on=&#8221;off|on|on&#8221; _builder_version=&#8221;4.19.4&#8243; _module_preset=&#8221;default&#8221; background_image=&#8221;https:\/\/orchestrale.com\/wp-content\/uploads\/2021\/05\/luigi-luppi-spirit-of-the-collection-orchestrale-coffee-machines.jpg&#8221; min_height=&#8221;90vh&#8221; min_height_tablet=&#8221;&#8221; min_height_phone=&#8221;&#8221; min_height_last_edited=&#8221;on|phone&#8221; height_tablet=&#8221;&#8221; height_phone=&#8221;40vh&#8221; height_last_edited=&#8221;on|phone&#8221; da_disable_devices=&#8221;off|off|off&#8221; global_colors_info=&#8221;{}&#8221; da_is_popup=&#8221;off&#8221; da_exit_intent=&#8221;off&#8221; da_has_close=&#8221;on&#8221; da_alt_close=&#8221;off&#8221; da_dark_close=&#8221;off&#8221; da_not_modal=&#8221;on&#8221; da_is_singular=&#8221;off&#8221; da_with_loader=&#8221;off&#8221; da_has_shadow=&#8221;on&#8221;][et_pb_row _builder_version=&#8221;4.16&#8243; _module_preset=&#8221;default&#8221; custom_margin=&#8221;500px||||false|false&#8221; custom_margin_tablet=&#8221;&#8221; custom_margin_phone=&#8221;0px||||false|false&#8221; custom_margin_last_edited=&#8221;on|phone&#8221; global_colors_info=&#8221;{}&#8221;][et_pb_column type=&#8221;4_4&#8243; _builder_version=&#8221;4.16&#8243; _module_preset=&#8221;default&#8221; global_colors_info=&#8221;{}&#8221;][et_pb_button button_url=&#8221;https:\/\/vimeo.com\/543530297&#8243; url_new_window=&#8221;on&#8221; button_text=&#8221;Video&#8221; _builder_version=&#8221;4.17.6&#8243; _module_preset=&#8221;default&#8221; button_text_color=&#8221;#fffffff&#8221; button_border_color=&#8221;#ffffff&#8221; button_icon_color=&#8221;#ffffff&#8221; custom_margin=&#8221;||||false|false&#8221; button_bg_color_tablet=&#8221;&#8221; button_bg_color_phone=&#8221;rgba(248,247,245,0.37)&#8221; button_bg_color_last_edited=&#8221;on|phone&#8221; button_bg_enable_color_phone=&#8221;on&#8221; global_colors_info=&#8221;{}&#8221;][\/et_pb_button][\/et_pb_column][\/et_pb_row][\/et_pb_section][et_pb_section fb_built=&#8221;1&#8243; custom_padding_last_edited=&#8221;on|phone&#8221; module_id=&#8221;#poem&#8221; _builder_version=&#8221;4.16&#8243; _module_preset=&#8221;default&#8221; background_color=&#8221;#AA9C8F&#8221; background_enable_image=&#8221;off&#8221; background_blend=&#8221;overlay&#8221; custom_margin=&#8221;0px||0px||false|false&#8221; custom_padding=&#8221;75px||||false|false&#8221; custom_padding_tablet=&#8221;&#8221; custom_padding_phone=&#8221;50px||20px||false|false&#8221; da_disable_devices=&#8221;off|off|off&#8221; global_colors_info=&#8221;{}&#8221; da_is_popup=&#8221;off&#8221; da_exit_intent=&#8221;off&#8221; da_has_close=&#8221;on&#8221; da_alt_close=&#8221;off&#8221; da_dark_close=&#8221;off&#8221; da_not_modal=&#8221;on&#8221; da_is_singular=&#8221;off&#8221; da_with_loader=&#8221;off&#8221; da_has_shadow=&#8221;on&#8221;][et_pb_row column_structure=&#8221;1_2,1_2&#8243; use_custom_gutter=&#8221;on&#8221; gutter_width=&#8221;2&#8243; disabled_on=&#8221;off|off|off&#8221; _builder_version=&#8221;4.16&#8243; _module_preset=&#8221;default&#8221; custom_padding=&#8221;0px||0px|||&#8221; global_colors_info=&#8221;{}&#8221;][et_pb_column type=&#8221;1_2&#8243; disabled_on=&#8221;on|off|off&#8221; _builder_version=&#8221;4.16&#8243; _module_preset=&#8221;default&#8221; custom_padding=&#8221;|5%|||false|false&#8221; global_colors_info=&#8221;{}&#8221;][et_pb_image src=&#8221;https:\/\/orchestrale.com\/wp-content\/uploads\/2021\/01\/orchestrale-coffee-machines-poem-3.jpg&#8221; alt=&#8221;orchestrale coffee machines poem 1&#8243; title_text=&#8221;orchestrale coffee machines poem 1&#8243; align=&#8221;right&#8221; _builder_version=&#8221;4.27.5&#8243; _module_preset=&#8221;default&#8221; max_width=&#8221;250px&#8221; module_alignment=&#8221;right&#8221; hover_enabled=&#8221;0&#8243; global_colors_info=&#8221;{}&#8221; sticky_enabled=&#8221;0&#8243;][\/et_pb_image][et_pb_image src=&#8221;https:\/\/orchestrale.com\/wp-content\/uploads\/2021\/01\/orchestrale-coffee-machines-poem-2.jpg&#8221; alt=&#8221;orchestrale coffee machines poem 2&#8243; title_text=&#8221;orchestrale coffee machines poem 2&#8243; align=&#8221;right&#8221; _builder_version=&#8221;4.19.4&#8243; _module_preset=&#8221;default&#8221; max_width=&#8221;250px&#8221; module_alignment=&#8221;right&#8221; global_colors_info=&#8221;{}&#8221;][\/et_pb_image][et_pb_image src=&#8221;https:\/\/orchestrale.com\/wp-content\/uploads\/2022\/02\/orchestrale-coffee-cups-and-accessories-1.jpg&#8221; alt=&#8221;Orchestrale Coffee cups and accessories&#8221; title_text=&#8221;Orchestrale Coffee cups and accessories&#8221; align=&#8221;right&#8221; _builder_version=&#8221;4.19.4&#8243; _module_preset=&#8221;default&#8221; max_width=&#8221;250px&#8221; module_alignment=&#8221;right&#8221; global_colors_info=&#8221;{}&#8221;][\/et_pb_image][et_pb_image src=&#8221;https:\/\/orchestrale.com\/wp-content\/uploads\/2021\/01\/orchestrale-coffee-machines-poem-4.jpg&#8221; alt=&#8221;orchestrale coffee machines poem 4&#8243; title_text=&#8221;orchestrale coffee machines poem 4&#8243; align=&#8221;right&#8221; _builder_version=&#8221;4.19.4&#8243; _module_preset=&#8221;default&#8221; max_width=&#8221;250px&#8221; module_alignment=&#8221;right&#8221; global_colors_info=&#8221;{}&#8221;][\/et_pb_image][et_pb_image src=&#8221;https:\/\/orchestrale.com\/wp-content\/uploads\/2021\/01\/orchestrale-coffee-machines-poem-6.jpg&#8221; alt=&#8221;orchestrale coffee machines poem 5&#8243; title_text=&#8221;orchestrale coffee machines poem 5&#8243; align=&#8221;right&#8221; _builder_version=&#8221;4.19.4&#8243; _module_preset=&#8221;default&#8221; max_width=&#8221;250px&#8221; module_alignment=&#8221;right&#8221; global_colors_info=&#8221;{}&#8221;][\/et_pb_image][\/et_pb_column][et_pb_column type=&#8221;1_2&#8243; _builder_version=&#8221;4.16&#8243; _module_preset=&#8221;default&#8221; global_colors_info=&#8221;{}&#8221;][et_pb_text disabled_on=&#8221;on|off|off&#8221; _builder_version=&#8221;4.27.4&#8243; _module_preset=&#8221;6a69e7c7-4c51-4b7a-8a54-ac0afa70fd12&#8243; text_font=&#8221;||on||||||&#8221; text_text_color=&#8221;#ffffff&#8221; text_font_size=&#8221;22px&#8221; module_alignment=&#8221;left&#8221; custom_margin=&#8221;0px||0px||false|false&#8221; custom_padding=&#8221;0px||0px||false|false&#8221; global_colors_info=&#8221;{}&#8221;]<\/p>\n<p>\u201cMentre guido i miei pensieri vanno alla prossima tappa, alla prossima caffetteria, ormai elemento costante dei miei lunghi viaggi, per bere un buon caff\u00e8 e augurandomi venga fatto con una macchina italiana.<\/p>\n<p>Finalmente trovo un bar ed ancora intorpidito dal risveglio mi addentro in un mare di voci dove tutto sembra baccano per le mie orecchie.<\/p>\n<p>Mi avvicino al bancone dove invece trovo un piccolo gruppo di persone in doppia fila ed in un\u2019attesa silenziosa quasi cerimoniale.<\/p>\n<p style=\"text-align: left;\">Volgo lo sguardo verso il barista e quel frastuono d\u2019un tratto si trasforma quasi per incanto in opera orchestrale fatta di gesti, suoni, ripetizioni, sbuffi, sibili&#8230;<\/p>\n<p style=\"text-align: left;\">Rimango quasi ipnotizzato da una ritualit\u00e0 quotidiana, ammirato dalla maestria quasi orchestrale di questo uomo che, incurante di ci\u00f2 che sta alle sue spalle, si adopera a musicare un rito apparentemente cos\u00ec ripetitivo ma diverso nelle sue note.<\/p>\n<p>La sua macchina, italiana, ha una linea forte, classica, le sue parti metalliche brillano come strumenti a fiato, sicuramente tecnologicamente avanzata ma pare avere un\u2019anima, come un violino antico sembra portare nelle sue note suoni di tempi lontani.<\/p>\n<p>Non dimenticher\u00f2 mai questo suono perch\u00e8 non sar\u00e0 pi\u00f9 rumore&#8230;<\/p>\n<p>&nbsp;<\/p>\n<h3 style=\"text-align: center;\">un barista appassionato&#8230;\u00a0il miglior maestro,<\/h3>\n<p style=\"text-align: center;\"><span style=\"color: #000000;\">un caff\u00e8 scelto&#8230; la miglior composizione,<\/span><br \/><span style=\"color: #000000;\">una macchina italiana&#8230; la miglior orchestra!\u201d<\/span><\/p>\n<p style=\"text-align: center;\">\n<p>[\/et_pb_text][et_pb_text disabled_on=&#8221;off|on|on&#8221; _builder_version=&#8221;4.19.4&#8243; _module_preset=&#8221;6a69e7c7-4c51-4b7a-8a54-ac0afa70fd12&#8243; text_font=&#8221;||on||||||&#8221; text_text_color=&#8221;#ffffff&#8221; text_font_size=&#8221;22px&#8221; module_alignment=&#8221;left&#8221; custom_margin=&#8221;0px||0px||false|false&#8221; custom_padding=&#8221;0px||0px||false|false&#8221; global_colors_info=&#8221;{}&#8221;]<font color=\"#220e06\">Spirito della Collezione &#8211; Poesia<\/font><\/p>\n<p>\u201cMentre guido i miei pensieri vanno alla prossima tappa, alla prossima caffetteria, ormai elemento costante dei miei lunghi viaggi, per bere un buon caff\u00e8 e augurandomi venga fatto con una macchina italiana.<\/p>\n<p>Finalmente trovo un bar ed ancora intorpidito dal risveglio mi addentro in un mare di voci dove tutto sembra baccano per le mie orecchie.<\/p>\n<pMi avvicino al bancone dove invece trovo un piccolo gruppo di persone in doppia fila ed in un\u2019attesa silenziosa quasi cerimoniale.<\/p>\n<p style=\"text-align: left;\">Volgo lo sguardo verso il barista e quel frastuono d\u2019un tratto si trasforma quasi per incanto in opera orchestrale fatta di gesti, suoni, ripetizioni, sbuffi, sibili&#8230;<\/p>\n<p style=\"text-align: left;\">Rimango quasi ipnotizzato da una ritualit\u00e0 quotidiana, ammirato dalla maestria quasi orchestrale di questo uomo che, incurante di ci\u00f2 che sta alle sue spalle, si adopera a musicare un rito apparentemente cos\u00ec ripetitivo ma diverso nelle sue note.<\/p>\n<p>La sua macchina , italiana , ha una linea forte, classica, le sue parti metalliche brillano come strumenti a fiato, sicuramente tecnologicamente avanzata ma pare avere un\u2019anima, come un violino antico sembra portare nelle sue note suoni di tempi lontani.<\/p>\n<p>Non dimenticher\u00f2 mai questo suono perch\u00e8 non sar\u00e0 pi\u00f9 rumore&#8230;<\/p>\n<p style=\"text-align: center;\"><span style=\"font-size: x-large; color: #220e06;\">un barista appassionato&#8230;<\/span><\/p>\n<h3 style=\"text-align: center;\"><span style=\"font-size: x-large; color: #220e06;\">il miglior maestro,<\/span><\/h3>\n<h4 style=\"text-align: center;\"><span style=\"font-size: x-large; color: #220e06;\"><\/span><\/h4>\n<h4 style=\"text-align: center;\"><span style=\"font-size: x-large; color: #220e06;\">un caff\u00e8 scelto&#8230;<\/span><\/h4>\n<h4 style=\"text-align: center;\"><span style=\"font-size: x-large; color: #220e06;\">la miglior composizione,<\/span><\/h4>\n<h3 style=\"text-align: center;\"><span style=\"font-size: x-large; color: #220e06;\"><\/span><\/h3>\n<h3 style=\"text-align: center;\"><span style=\"font-size: x-large; color: #220e06;\">una macchina italiana&#8230;<\/span><\/h3>\n<h3 style=\"text-align: center;\"><span style=\"font-size: x-large;\"><span style=\"color: #220e06;\">la miglior orchestra!\u201d<\/span><br \/><\/span><\/h3>\n<p>[\/et_pb_text][et_pb_text _builder_version=&#8221;4.16&#8243; _module_preset=&#8221;6a69e7c7-4c51-4b7a-8a54-ac0afa70fd12&#8243; text_font=&#8221;||on|on|||||&#8221; text_text_color=&#8221;#F8F7F5&#8243; text_font_size=&#8221;17px&#8221; text_orientation=&#8221;right&#8221; width_last_edited=&#8221;off|desktop&#8221; module_alignment=&#8221;center&#8221; custom_margin=&#8221;0px||||false|false&#8221; custom_padding=&#8221;0px||||false|false&#8221; global_colors_info=&#8221;{}&#8221; width__hover_enabled=&#8221;off|desktop&#8221;]<\/p>\n<p>M. B.<\/p>\n<p>[\/et_pb_text][\/et_pb_column][\/et_pb_row][\/et_pb_section][et_pb_section fb_built=&#8221;1&#8243; disabled_on=&#8221;on|off|off&#8221; _builder_version=&#8221;4.19.4&#8243; _module_preset=&#8221;default&#8221; background_image=&#8221;https:\/\/orchestrale.com\/wp-content\/uploads\/2021\/05\/luigi-luppi-spirit-of-the-collection-orchestrale-coffee-machines.jpg&#8221; min_height=&#8221;90vh&#8221; min_height_tablet=&#8221;&#8221; min_height_phone=&#8221;&#8221; min_height_last_edited=&#8221;on|phone&#8221; height_tablet=&#8221;&#8221; height_phone=&#8221;40vh&#8221; height_last_edited=&#8221;on|phone&#8221; da_disable_devices=&#8221;off|off|off&#8221; global_colors_info=&#8221;{}&#8221; da_is_popup=&#8221;off&#8221; da_exit_intent=&#8221;off&#8221; da_has_close=&#8221;on&#8221; da_alt_close=&#8221;off&#8221; da_dark_close=&#8221;off&#8221; da_not_modal=&#8221;on&#8221; da_is_singular=&#8221;off&#8221; da_with_loader=&#8221;off&#8221; da_has_shadow=&#8221;on&#8221;][et_pb_row _builder_version=&#8221;4.16&#8243; _module_preset=&#8221;default&#8221; custom_margin=&#8221;500px||||false|false&#8221; custom_margin_tablet=&#8221;&#8221; custom_margin_phone=&#8221;0px||||false|false&#8221; custom_margin_last_edited=&#8221;on|phone&#8221; global_colors_info=&#8221;{}&#8221;][et_pb_column type=&#8221;4_4&#8243; _builder_version=&#8221;4.16&#8243; _module_preset=&#8221;default&#8221; global_colors_info=&#8221;{}&#8221;][et_pb_button button_url=&#8221;https:\/\/vimeo.com\/543530297&#8243; url_new_window=&#8221;on&#8221; button_text=&#8221;Video&#8221; _builder_version=&#8221;4.17.6&#8243; _module_preset=&#8221;default&#8221; button_text_color=&#8221;#fffffff&#8221; button_border_color=&#8221;#ffffff&#8221; button_icon_color=&#8221;#ffffff&#8221; custom_margin=&#8221;||||false|false&#8221; button_bg_color_tablet=&#8221;&#8221; button_bg_color_phone=&#8221;rgba(248,247,245,0.37)&#8221; button_bg_color_last_edited=&#8221;on|phone&#8221; button_bg_enable_color_phone=&#8221;on&#8221; global_colors_info=&#8221;{}&#8221;][\/et_pb_button][\/et_pb_column][\/et_pb_row][\/et_pb_section]<\/p>\n","protected":false},"excerpt":{"rendered":"<p>Spirito della CollezioneCari Amici,vorrei dedicaste un minuto per leggere il significato e lo spirito di Orchestrale. Quando stavo pensando al design, alle caratteristiche e al marchio delle nostre macchine per l&#8217;espresso, ero sicuro che sarebbero state dedicate alla musica. Ho sempre amato la musica fin da quando da bambino suonavo il pianoforte e la chitarra [&hellip;]<\/p>\n","protected":false},"author":3,"featured_media":0,"parent":0,"menu_order":0,"comment_status":"closed","ping_status":"closed","template":"","meta":{"_acf_changed":false,"_et_pb_use_builder":"on","_et_pb_old_content":"","_et_gb_content_width":"","footnotes":""},"class_list":["post-12372","page","type-page","status-publish","hentry"],"acf":[],"yoast_head":"<!-- This site is optimized with the Yoast SEO plugin v27.1.1 - https:\/\/yoast.com\/product\/yoast-seo-wordpress\/ -->\n<title>Lo spirito dietro le nostre macchine da caff\u00e8 espresso | Orchestrale<\/title>\n<meta name=\"description\" content=\"Musica e caff\u00e8 uniscono le persone. La collezione Orchestrale celebra questo legame con una macchina da caff\u00e8 artigianale made in Italy.\" \/>\n<meta name=\"robots\" content=\"index, follow, max-snippet:-1, max-image-preview:large, max-video-preview:-1\" \/>\n<link rel=\"canonical\" href=\"https:\/\/orchestrale.com\/it\/spirito-della-collezione\/\" \/>\n<meta property=\"og:locale\" content=\"it_IT\" \/>\n<meta property=\"og:type\" content=\"article\" \/>\n<meta property=\"og:title\" content=\"Lo spirito dietro le nostre macchine da caff\u00e8 espresso | Orchestrale\" \/>\n<meta property=\"og:description\" content=\"Musica e caff\u00e8 uniscono le persone. La collezione Orchestrale celebra questo legame con una macchina da caff\u00e8 artigianale made in Italy.\" \/>\n<meta property=\"og:url\" content=\"https:\/\/orchestrale.com\/it\/spirito-della-collezione\/\" \/>\n<meta property=\"og:site_name\" content=\"Orchestrale\" \/>\n<meta property=\"article:modified_time\" content=\"2026-03-15T16:52:51+00:00\" \/>\n<meta name=\"twitter:card\" content=\"summary_large_image\" \/>\n<meta name=\"twitter:label1\" content=\"Tempo di lettura stimato\" \/>\n\t<meta name=\"twitter:data1\" content=\"6 minuti\" \/>\n<script type=\"application\/ld+json\" class=\"yoast-schema-graph\">{\"@context\":\"https:\/\/schema.org\",\"@graph\":[{\"@type\":\"WebPage\",\"@id\":\"https:\/\/orchestrale.com\/it\/spirito-della-collezione\/\",\"url\":\"https:\/\/orchestrale.com\/it\/spirito-della-collezione\/\",\"name\":\"Lo spirito dietro le nostre macchine da caff\u00e8 espresso | Orchestrale\",\"isPartOf\":{\"@id\":\"https:\/\/orchestrale.com\/it\/#website\"},\"datePublished\":\"2020-10-22T12:58:12+00:00\",\"dateModified\":\"2026-03-15T16:52:51+00:00\",\"description\":\"Musica e caff\u00e8 uniscono le persone. La collezione Orchestrale celebra questo legame con una macchina da caff\u00e8 artigianale made in Italy.\",\"breadcrumb\":{\"@id\":\"https:\/\/orchestrale.com\/it\/spirito-della-collezione\/#breadcrumb\"},\"inLanguage\":\"it-IT\",\"potentialAction\":[{\"@type\":\"ReadAction\",\"target\":[\"https:\/\/orchestrale.com\/it\/spirito-della-collezione\/\"]}]},{\"@type\":\"BreadcrumbList\",\"@id\":\"https:\/\/orchestrale.com\/it\/spirito-della-collezione\/#breadcrumb\",\"itemListElement\":[{\"@type\":\"ListItem\",\"position\":1,\"name\":\"Home\",\"item\":\"https:\/\/orchestrale.com\/it\/\"},{\"@type\":\"ListItem\",\"position\":2,\"name\":\"Spirito della Collezione\"}]},{\"@type\":\"WebSite\",\"@id\":\"https:\/\/orchestrale.com\/it\/#website\",\"url\":\"https:\/\/orchestrale.com\/it\/\",\"name\":\"Orchestrale\",\"description\":\"\",\"potentialAction\":[{\"@type\":\"SearchAction\",\"target\":{\"@type\":\"EntryPoint\",\"urlTemplate\":\"https:\/\/orchestrale.com\/it\/?s={search_term_string}\"},\"query-input\":{\"@type\":\"PropertyValueSpecification\",\"valueRequired\":true,\"valueName\":\"search_term_string\"}}],\"inLanguage\":\"it-IT\"}]}<\/script>\n<!-- \/ Yoast SEO plugin. -->","yoast_head_json":{"title":"Lo spirito dietro le nostre macchine da caff\u00e8 espresso | Orchestrale","description":"Musica e caff\u00e8 uniscono le persone. La collezione Orchestrale celebra questo legame con una macchina da caff\u00e8 artigianale made in Italy.","robots":{"index":"index","follow":"follow","max-snippet":"max-snippet:-1","max-image-preview":"max-image-preview:large","max-video-preview":"max-video-preview:-1"},"canonical":"https:\/\/orchestrale.com\/it\/spirito-della-collezione\/","og_locale":"it_IT","og_type":"article","og_title":"Lo spirito dietro le nostre macchine da caff\u00e8 espresso | Orchestrale","og_description":"Musica e caff\u00e8 uniscono le persone. La collezione Orchestrale celebra questo legame con una macchina da caff\u00e8 artigianale made in Italy.","og_url":"https:\/\/orchestrale.com\/it\/spirito-della-collezione\/","og_site_name":"Orchestrale","article_modified_time":"2026-03-15T16:52:51+00:00","twitter_card":"summary_large_image","twitter_misc":{"Tempo di lettura stimato":"6 minuti"},"schema":{"@context":"https:\/\/schema.org","@graph":[{"@type":"WebPage","@id":"https:\/\/orchestrale.com\/it\/spirito-della-collezione\/","url":"https:\/\/orchestrale.com\/it\/spirito-della-collezione\/","name":"Lo spirito dietro le nostre macchine da caff\u00e8 espresso | Orchestrale","isPartOf":{"@id":"https:\/\/orchestrale.com\/it\/#website"},"datePublished":"2020-10-22T12:58:12+00:00","dateModified":"2026-03-15T16:52:51+00:00","description":"Musica e caff\u00e8 uniscono le persone. La collezione Orchestrale celebra questo legame con una macchina da caff\u00e8 artigianale made in Italy.","breadcrumb":{"@id":"https:\/\/orchestrale.com\/it\/spirito-della-collezione\/#breadcrumb"},"inLanguage":"it-IT","potentialAction":[{"@type":"ReadAction","target":["https:\/\/orchestrale.com\/it\/spirito-della-collezione\/"]}]},{"@type":"BreadcrumbList","@id":"https:\/\/orchestrale.com\/it\/spirito-della-collezione\/#breadcrumb","itemListElement":[{"@type":"ListItem","position":1,"name":"Home","item":"https:\/\/orchestrale.com\/it\/"},{"@type":"ListItem","position":2,"name":"Spirito della Collezione"}]},{"@type":"WebSite","@id":"https:\/\/orchestrale.com\/it\/#website","url":"https:\/\/orchestrale.com\/it\/","name":"Orchestrale","description":"","potentialAction":[{"@type":"SearchAction","target":{"@type":"EntryPoint","urlTemplate":"https:\/\/orchestrale.com\/it\/?s={search_term_string}"},"query-input":{"@type":"PropertyValueSpecification","valueRequired":true,"valueName":"search_term_string"}}],"inLanguage":"it-IT"}]}},"_links":{"self":[{"href":"https:\/\/orchestrale.com\/it\/wp-json\/wp\/v2\/pages\/12372","targetHints":{"allow":["GET"]}}],"collection":[{"href":"https:\/\/orchestrale.com\/it\/wp-json\/wp\/v2\/pages"}],"about":[{"href":"https:\/\/orchestrale.com\/it\/wp-json\/wp\/v2\/types\/page"}],"author":[{"embeddable":true,"href":"https:\/\/orchestrale.com\/it\/wp-json\/wp\/v2\/users\/3"}],"replies":[{"embeddable":true,"href":"https:\/\/orchestrale.com\/it\/wp-json\/wp\/v2\/comments?post=12372"}],"version-history":[{"count":28,"href":"https:\/\/orchestrale.com\/it\/wp-json\/wp\/v2\/pages\/12372\/revisions"}],"predecessor-version":[{"id":22859,"href":"https:\/\/orchestrale.com\/it\/wp-json\/wp\/v2\/pages\/12372\/revisions\/22859"}],"wp:attachment":[{"href":"https:\/\/orchestrale.com\/it\/wp-json\/wp\/v2\/media?parent=12372"}],"curies":[{"name":"wp","href":"https:\/\/api.w.org\/{rel}","templated":true}]}}